{"id":7850,"date":"2023-06-07T15:17:10","date_gmt":"2023-06-07T13:17:10","guid":{"rendered":"https:\/\/murielc.com\/avis-legal\/"},"modified":"2023-06-07T15:17:11","modified_gmt":"2023-06-07T13:17:11","slug":"avis-legal","status":"publish","type":"page","link":"https:\/\/murielc.com\/ca\/avis-legal\/","title":{"rendered":"Av\u00eds Legal"},"content":{"rendered":"<p>[et_pb_section fb_built=\u00bb1&#8243; _builder_version=\u00bb4.21.0&#8243; _module_preset=\u00bbdefault\u00bb global_colors_info=\u00bb{}\u00bb][et_pb_row _builder_version=\u00bb4.21.0&#8243; _module_preset=\u00bbdefault\u00bb global_colors_info=\u00bb{}\u00bb][et_pb_column type=\u00bb4_4&#8243; _builder_version=\u00bb4.21.0&#8243; _module_preset=\u00bbdefault\u00bb global_colors_info=\u00bb{}\u00bb][et_pb_text _builder_version=\u00bb4.21.0&#8243; _module_preset=\u00bbdefault\u00bb hover_enabled=\u00bb0&#8243; global_colors_info=\u00bb{}\u00bb sticky_enabled=\u00bb0&#8243;]<\/p>\n<h1><span style=\"color: #000000;\"><strong>AV\u00cdS LEGAL<\/strong><\/span><\/h1>\n<p>&nbsp;<\/p>\n<h3><span style=\"color: #000000;\"><strong>DADES GENERALS<\/strong><\/span><\/h3>\n<p><span style=\"color: #000000;\">D&#8217;acord amb l&#8217;article 10 de la Llei 34\/2002, d&#8217;11 de juliol, de Serveis de la Societat de la Informaci\u00f3 i de Comer\u00e7 Electr\u00f2nic posem a la vostra disposici\u00f3 les dades seg\u00fcents:<\/span><\/p>\n<ul>\n<li>El propietari es: Muriel C. De Jong<\/li>\n<li>NIF\/CIF: X0798809L<\/li>\n<li>El seu domicili social es troba al C\/Avets 13, 17250 Platja d&#8217;Aro.<\/li>\n<li>Email: info@murielc.com<\/li>\n<li>La seva activitat social \u00e9s: Fotografia.<\/li>\n<\/ul>\n<p><span style=\"color: #000000;\">L&#8217;objectiu del web <a style=\"color: #000000;\" href=\"https:\/\/murielc.com\">www.murielc.com<\/a> \u00e9s facilitar als clients i al p\u00fablic en general, la informaci\u00f3 relativa a l&#8217;empresa, els productes i serveis que s&#8217;hi ofereixen.<\/span><\/p>\n<p>&nbsp;<\/p>\n<h3><span style=\"color: #000000;\"><strong>POL\u00cdTICA DE PRIVACITAT<\/strong><\/span><\/h3>\n<p><span style=\"color: #000000;\">En compliment del que disposa la Llei Org\u00e0nica 15\/1999, de 13 de Desembre, de Protecci\u00f3 de Dades de Car\u00e0cter Personal (LOPD) \u2013 i l&#8217;actual Reglament de Protecci\u00f3 de Dades Personals (GDPR) s&#8217;informa a totes les dades que ens proporcioneu seran incorporats a un fitxer, creat i mantingut sota la responsabilitat de Muriel C. Photography.<\/span><\/p>\n<p><span style=\"color: #000000;\">Sempre es respectar\u00e0 la confidencialitat de les vostres dades personals que nom\u00e9s seran utilitzades amb la finalitat de gestionar els serveis oferts, atendre les sol\u00b7licituds que ens plantege, realitzar tasques administratives, aix\u00ed com remetre informaci\u00f3 t\u00e8cnica, comercial o publicit\u00e0ria per via ordin\u00e0ria o electr\u00f2nica .<\/span><\/p>\n<p><span style=\"color: #000000;\">Per exercir els vostres drets d&#8217;oposici\u00f3, rectificaci\u00f3 o cancel\u00b7laci\u00f3 us heu d&#8217;adre\u00e7ar a la seu de l&#8217;empresa, escriure&#8217;ns al seg\u00fcent correu (info@murielc.com) o trucar-nos al (+34 620 244300).<\/span><\/p>\n<h3><span style=\"color: #000000;\"><strong>Acc\u00e9s a la web<\/strong><\/span><\/h3>\n<p><span style=\"color: #000000;\">L&#8217;acc\u00e9s a la p\u00e0gina web per part dels usuaris \u00e9s de car\u00e0cter lliure i gratu\u00eft. Alguns serveis poden estar subjectes a contractaci\u00f3 pr\u00e8via del servei.<\/span><\/p>\n<p><span style=\"color: #000000;\">En cas de ser necessari que l&#8217;usuari aporti dades personals per accedir a algun dels serveis, la recollida i el tractament de les dades es realitzar\u00e0 de conformitat amb la normativa vigent, en concret amb el RGPD. Per a m\u00e9s informaci\u00f3, consulteu la nostra pol\u00edtica de privadesa.<\/span><\/p>\n<h3><span style=\"color: #000000;\"><strong>Menors dedat.<\/strong><\/span><\/h3>\n<p><span style=\"color: #000000;\">Per a l\u00fas dels serveis, els menors dedat han dobtenir sempre pr\u00e8viament el consentiment dels pares, tutors o representants legals, responsables \u00faltims de tots els actes realitzats pels menors al seu c\u00e0rrec. La responsabilitat en la determinaci\u00f3 de continguts concrets als quals accedeixen els menors correspon a aquells, \u00e9s per aix\u00f2 que si accedeixen a continguts no apropiats per Internet, s&#8217;hauran d&#8217;establir als seus ordinadors mecanismes, en particular programes inform\u00e0tics, filtres i bloquejos, que permetin limitar els continguts disponibles i, tot i que no siguin infal\u00b7libles, s\u00f3n d&#8217;especial utilitat per controlar i restringir els materials a qu\u00e8 poden accedir els menors.<\/span><\/p>\n<p>&nbsp;<\/p>\n<h3><span style=\"color: #000000;\"><strong>CONDICIONS D&#8217;\u00daS<\/strong><\/span><\/h3>\n<p><span style=\"color: #000000;\">Les condicions d&#8217;acc\u00e9s i \u00fas del present lloc web es regeixen per la legalitat vigent i pel principi de bona fe comprometent-se l&#8217;usuari a fer un bon \u00fas del web. No es permeten conductes que vagin contra la llei, els drets o els interessos de tercers.<\/span><\/p>\n<p><span style=\"color: #000000;\">Ser usuari del web de (www.murielc.com) implica que reconeix haver llegit i acceptat les presents condicions i all\u00f2 que les estengui la normativa legal aplicable en aquesta mat\u00e8ria. Si pel motiu que fos no esteu d&#8217;acord amb aquestes condicions no continueu usant aquesta web.<\/span><\/p>\n<p><span style=\"color: #000000;\">Qualsevol tipus de notificaci\u00f3 i\/o reclamaci\u00f3 nom\u00e9s ser\u00e0 v\u00e0lida per notificaci\u00f3 escrita i\/o correu certificat.<\/span><\/p>\n<p>&nbsp;<\/p>\n<h3><span style=\"color: #000000;\"><strong>RESPONSABILITATS<\/strong><\/span><\/h3>\n<p><span style=\"color: #000000;\">Muriel C. Photography no es fa responsable de la informaci\u00f3 i continguts emmagatzemats a f\u00f2rums, xarxes socials o qualsevol altre mitj\u00e0 que permeti a tercers publicar continguts de forma independent en o sobre la p\u00e0gina web del prestador.<\/span><\/p>\n<p><span style=\"color: #000000;\">Tot i aix\u00f2, tenint en compte els art. 11 i 16 de la LSSI-CE, Muriel C. Photography es compromet a la retirada o, si escau, bloqueig dels continguts que poguessin afectar o contravenir la legislaci\u00f3 nacional o internacional, drets de tercers o la moral i l&#8217;ordre p\u00fablic.<\/span><\/p>\n<p>&nbsp;<\/p>\n<ul>\n<li><span style=\"color: #000000;\">Difamatoris, inexactes, falsos, abusius, injuriosos, obscens, irreverents, ofensius, insultants, t\u00e0cita o expressament sexuals, amena\u00e7adors, assetjadors, racistes, sexistes, discriminatoris per qualsevol motiu, que atemptin contra la moral, l&#8217;ordre p\u00fablic, els drets fonamentals, les llibertes p\u00fabliques, l&#8217;honor, la intimitat o la imatge de tercers i en general la normativa vigent, i\/o il\u00b7legals o infractors de drets de tercers (per exemple, pe, drets de propietat industrial i intel\u00b7lectual; drets de privadesa o publicitat) .<\/span><\/li>\n<\/ul>\n<p>&nbsp;<\/p>\n<p>&nbsp;<\/p>\n<p><span style=\"color: #000000;\">L&#8217;empresa tampoc no es responsabilitzar\u00e0 dels danys i perjudicis que es produeixin per errors o males configuracions del programari instal\u00b7lat a l&#8217;ordinador de l&#8217;internauta. S&#8217;exclou tota responsabilitat per alguna incid\u00e8ncia t\u00e8cnica o error que es produeixi quan l&#8217;usuari es connecti a Internet. Igualment, no es garanteix la inexist\u00e8ncia dinterrupcions o errors en lacc\u00e9s al lloc web.<\/span><\/p>\n<p>&nbsp;<\/p>\n<p><span style=\"color: #000000;\">Aix\u00ed mateix, Muriel C. Photography es reserva el dret a actualitzar, modificar o eliminar la informaci\u00f3 continguda a la seva p\u00e0gina web, aix\u00ed com la configuraci\u00f3 o presentaci\u00f3 del mateix, en qualsevol moment sense assumir-ne cap responsabilitat.<\/span><\/p>\n<p><span style=\"color: #000000;\">Us comuniquem que qualsevol preu que pugueu veure a la nostra web ser\u00e0 nom\u00e9s orientatiu. Si l&#8217;usuari vol saber amb exactitud el preu o si el producte en el moment actual compta amb alguna oferta de la qual es pot beneficiar ha d&#8217;acudir o contactar amb el centre Muriel C. Photography.<\/span><\/p>\n<p>&nbsp;<\/p>\n<h3><span style=\"color: #000000;\"><strong>PROPIETAT INTEL\u00b7LECTUAL I INDUSTRIAL<\/strong><\/span><\/h3>\n<p><span style=\"color: #000000;\">Muriel C. Photography \u00e9s titular de tots els drets sobre la propietat industrial i intel\u00b7lectual referits als continguts que s&#8217;incloguin a la seva p\u00e0gina web, o compta amb el perm\u00eds d&#8217;\u00fas, a excepci\u00f3 dels drets sobre productes i serveis de car\u00e0cter p\u00fablic que no s\u00f3n propietat daquesta empresa.<\/span><\/p>\n<p>&nbsp;<\/p>\n<p><span style=\"color: #000000;\">Cap material publicat en aquesta web no podr\u00e0 ser reprodu\u00eft, copiat o publicat sense el consentiment per escrit de Muriel C. Photography.<\/span><\/p>\n<p><span style=\"color: #000000;\">Tota la informaci\u00f3 que es rebi a la web, com ara comentaris, suggeriments o idees, es considerar\u00e0 cedida a Muriel C. Photography de manera gratu\u00efta. No heu d&#8217;enviar informaci\u00f3 que NO pugui ser tractada d&#8217;aquesta manera.<\/span><\/p>\n<p><span style=\"color: #000000;\"><strong> <\/strong><\/span><\/p>\n<p><span style=\"color: #000000;\"><strong> <\/strong><\/span><\/p>\n<p><span style=\"color: #000000;\"><strong>COOKIES<\/strong><\/span><\/p>\n<p><span style=\"color: #000000;\">Muriel C. Photography utilitza cookies, per optimitzar i personalitzar la vostra navegaci\u00f3 pel lloc web. Les cookies s\u00f3n fitxers f\u00edsics d&#8217;informaci\u00f3 que s&#8217;allotgen al mateix terminal de l&#8217;usuari, la informaci\u00f3 recollida mitjan\u00e7ant les cookies serveix per facilitar la navegaci\u00f3 de l&#8217;usuari pel portal i optimitzar l&#8217;experi\u00e8ncia de navegaci\u00f3. Les dades recopilades mitjan\u00e7ant les galetes poden ser compartides amb els creadors d&#8217;aquestes, per\u00f2 en cap cas la informaci\u00f3 obtinguda per aquestes no ser\u00e0 associada a dades personals ni a dades que poden identificar l&#8217;usuari.<\/span><\/p>\n<p>&nbsp;<\/p>\n<p><span style=\"color: #000000;\">No obstant aix\u00f2, si l&#8217;usuari no desitja que s&#8217;instal\u00b7lin galetes al disc dur, teniu la possibilitat de configurar el navegador de manera que impedeixi la instal\u00b7laci\u00f3 d&#8217;aquests fitxers. Per obtenir m\u00e9s informaci\u00f3 consulteu la nostra Pol\u00edtica de Cookies https:\/\/murielc.com\/politica-cookies-2\/.<\/span><\/p>\n<p>&nbsp;<\/p>\n<p><span style=\"color: #000000;\"><strong>ENLLA\u00c7OS (LINKS)<\/strong><\/span><\/p>\n<p><span style=\"color: #000000;\">La pres\u00e8ncia denlla\u00e7os (links) a la p\u00e0gina web de Muriel C. Photography cap a altres llocs dInternet t\u00e9 finalitat merament informativa i en cap cas suposen suggeriment, invitaci\u00f3 o recomanaci\u00f3 sobre aquests. Muriel C. Photography no assumir\u00e0 responsabilitat pels continguts d&#8217;un enlla\u00e7 pertanyent a un lloc web ali\u00e8, ni garantir\u00e0 la fiabilitat, exactitud, amplitud, veracitat, validesa i disponibilitat t\u00e8cnica.<\/span><\/p>\n<p>&nbsp;<\/p>\n<p><span style=\"color: #000000;\">En cas que en altres llocs web s&#8217;estableixin enlla\u00e7os a la p\u00e0gina web de Muriel C. Photography, no s&#8217;entendr\u00e0 que Muriel C. Photography ha autoritzat l&#8217;enlla\u00e7 o el contingut del lloc web on es cont\u00e9 l&#8217;enlla\u00e7, tampoc no es podr\u00e0 incloure a la p\u00e0gina de l&#8217;enlla\u00e7 continguts inapropiats, difamatoris, il\u00b7legals, obscens o il\u00b7l\u00edcits, ni altres continguts que siguin contraris a la legalitat vigent.<\/span><\/p>\n<p>&nbsp;<\/p>\n<p><span style=\"color: #000000;\">Muriel C. Photography es reserva la possibilitat de contactar amb el propietari del lloc web on s&#8217;estableixi l&#8217;enlla\u00e7 si considera que s&#8217;incompleix la normativa o\/i perjudica de manera intencional, aix\u00ed com d&#8217;exercitar les accions judicials i extrajudicials corresponents.<\/span><\/p>\n<p>&nbsp;<\/p>\n<h3><span style=\"color: #000000;\"><strong>MODIFICACI\u00d3 DE LES CONDICIONS <\/strong><\/span><\/h3>\n<p><span style=\"color: #000000;\">Muriel C. Photography es reserva expressament el dret a modificar unilateralment, totalment o parcialment, sense necessitat de previ av\u00eds, aquest Av\u00eds Legal. L&#8217;usuari reconeix i accepta que \u00e9s la seva responsabilitat revisar peri\u00f2dicament aquest Av\u00eds Legal.<\/span><\/p>\n<p>&nbsp;<\/p>\n<p>&nbsp;<\/p>\n<h3><span style=\"color: #000000;\"><strong>LLEI APLICABLE I JURISDICCI\u00d3<\/strong><\/span><\/h3>\n<p><span style=\"color: #000000;\"><strong>Aquestes condicions generals es regeixen per la legislaci\u00f3 espanyola.<\/strong> Per a qualsevol litigi que pogu\u00e9s sorgir relacionat amb el lloc web o l&#8217;activitat que s&#8217;hi desenvolupa seran competents jutjats de (lloc on sigui m\u00e9s f\u00e0cil a l&#8217;empresa arribar, normalment \u00e9s la ciutat on es troba ubicada), renunciant expressament l&#8217;usuari a qualsevol altre fur que li pogu\u00e9s correspondre.<\/span><\/p>\n<p>&nbsp;<\/p>\n<p>&nbsp;<\/p>\n<p>[\/et_pb_text][\/et_pb_column][\/et_pb_row][\/et_pb_section]<\/p>\n","protected":false},"excerpt":{"rendered":"<p>AV\u00cdS LEGAL &nbsp; DADES GENERALS D&#8217;acord amb l&#8217;article 10 de la Llei 34\/2002, d&#8217;11 de juliol, de Serveis de la Societat de la Informaci\u00f3 i de Comer\u00e7 Electr\u00f2nic posem a la vostra disposici\u00f3 les dades seg\u00fcents: El propietari es: Muriel C. De Jong NIF\/CIF: X0798809L El seu domicili social es troba al C\/Avets 13, 17250 [&hellip;]<\/p>\n","protected":false},"author":4,"featured_media":0,"parent":0,"menu_order":0,"comment_status":"closed","ping_status":"closed","template":"","meta":{"_et_pb_use_builder":"on","_et_pb_old_content":"","_et_gb_content_width":"","footnotes":""},"class_list":["post-7850","page","type-page","status-publish","hentry"],"yoast_head":"<!-- This site is optimized with the Yoast SEO plugin v27.8 - https:\/\/yoast.com\/product\/yoast-seo-wordpress\/ -->\n<title>Av\u00eds Legal - Muriel C. Photography<\/title>\n<meta name=\"robots\" content=\"index, follow, max-snippet:-1, max-image-preview:large, max-video-preview:-1\" \/>\n<link rel=\"canonical\" href=\"https:\/\/murielc.com\/ca\/avis-legal\/\" \/>\n<meta property=\"og:locale\" content=\"ca_ES\" \/>\n<meta property=\"og:type\" content=\"article\" \/>\n<meta property=\"og:title\" content=\"Av\u00eds Legal - Muriel C. Photography\" \/>\n<meta property=\"og:description\" content=\"AV\u00cdS LEGAL &nbsp; DADES GENERALS D&#039;acord amb l&#039;article 10 de la Llei 34\/2002, d&#039;11 de juliol, de Serveis de la Societat de la Informaci\u00f3 i de Comer\u00e7 Electr\u00f2nic posem a la vostra disposici\u00f3 les dades seg\u00fcents: El propietari es: Muriel C. De Jong NIF\/CIF: X0798809L El seu domicili social es troba al C\/Avets 13, 17250 [&hellip;]\" \/>\n<meta property=\"og:url\" content=\"https:\/\/murielc.com\/ca\/avis-legal\/\" \/>\n<meta property=\"og:site_name\" content=\"Muriel C. Photography\" \/>\n<meta property=\"article:modified_time\" content=\"2023-06-07T13:17:11+00:00\" \/>\n<meta name=\"twitter:card\" content=\"summary_large_image\" \/>\n<meta name=\"twitter:label1\" content=\"Temps estimat de lectura\" \/>\n\t<meta name=\"twitter:data1\" content=\"7 minuts\" \/>\n<script type=\"application\/ld+json\" class=\"yoast-schema-graph\">{\"@context\":\"https:\\\/\\\/schema.org\",\"@graph\":[{\"@type\":\"WebPage\",\"@id\":\"https:\\\/\\\/murielc.com\\\/ca\\\/avis-legal\\\/\",\"url\":\"https:\\\/\\\/murielc.com\\\/ca\\\/avis-legal\\\/\",\"name\":\"Av\u00eds Legal - Muriel C. Photography\",\"isPartOf\":{\"@id\":\"https:\\\/\\\/murielc.com\\\/ca\\\/#website\"},\"datePublished\":\"2023-06-07T13:17:10+00:00\",\"dateModified\":\"2023-06-07T13:17:11+00:00\",\"breadcrumb\":{\"@id\":\"https:\\\/\\\/murielc.com\\\/ca\\\/avis-legal\\\/#breadcrumb\"},\"inLanguage\":\"ca\",\"potentialAction\":[{\"@type\":\"ReadAction\",\"target\":[\"https:\\\/\\\/murielc.com\\\/ca\\\/avis-legal\\\/\"]}]},{\"@type\":\"BreadcrumbList\",\"@id\":\"https:\\\/\\\/murielc.com\\\/ca\\\/avis-legal\\\/#breadcrumb\",\"itemListElement\":[{\"@type\":\"ListItem\",\"position\":1,\"name\":\"Home\",\"item\":\"https:\\\/\\\/murielc.com\\\/ca\\\/inici\\\/\"},{\"@type\":\"ListItem\",\"position\":2,\"name\":\"Av\u00eds Legal\"}]},{\"@type\":\"WebSite\",\"@id\":\"https:\\\/\\\/murielc.com\\\/ca\\\/#website\",\"url\":\"https:\\\/\\\/murielc.com\\\/ca\\\/\",\"name\":\"Muriel C. Photography\",\"description\":\"Fotografia publicitaria, gastron\u00f3mica, de arquitectura e interiorismo en Girona\",\"publisher\":{\"@id\":\"https:\\\/\\\/murielc.com\\\/ca\\\/#organization\"},\"potentialAction\":[{\"@type\":\"SearchAction\",\"target\":{\"@type\":\"EntryPoint\",\"urlTemplate\":\"https:\\\/\\\/murielc.com\\\/ca\\\/?s={search_term_string}\"},\"query-input\":{\"@type\":\"PropertyValueSpecification\",\"valueRequired\":true,\"valueName\":\"search_term_string\"}}],\"inLanguage\":\"ca\"},{\"@type\":\"Organization\",\"@id\":\"https:\\\/\\\/murielc.com\\\/ca\\\/#organization\",\"name\":\"Muriel C. Photography\",\"url\":\"https:\\\/\\\/murielc.com\\\/ca\\\/\",\"logo\":{\"@type\":\"ImageObject\",\"inLanguage\":\"ca\",\"@id\":\"https:\\\/\\\/murielc.com\\\/ca\\\/#\\\/schema\\\/logo\\\/image\\\/\",\"url\":\"https:\\\/\\\/murielc.com\\\/wp-content\\\/uploads\\\/2020\\\/05\\\/MCnewlogo_2017-1.png\",\"contentUrl\":\"https:\\\/\\\/murielc.com\\\/wp-content\\\/uploads\\\/2020\\\/05\\\/MCnewlogo_2017-1.png\",\"width\":799,\"height\":321,\"caption\":\"Muriel C. Photography\"},\"image\":{\"@id\":\"https:\\\/\\\/murielc.com\\\/ca\\\/#\\\/schema\\\/logo\\\/image\\\/\"},\"sameAs\":[\"https:\\\/\\\/www.instagram.com\\\/solomulala\\\/\",\"https:\\\/\\\/www.linkedin.com\\\/in\\\/murieldj\\\/\"]}]}<\/script>\n<!-- \/ Yoast SEO plugin. -->","yoast_head_json":{"title":"Av\u00eds Legal - Muriel C. Photography","robots":{"index":"index","follow":"follow","max-snippet":"max-snippet:-1","max-image-preview":"max-image-preview:large","max-video-preview":"max-video-preview:-1"},"canonical":"https:\/\/murielc.com\/ca\/avis-legal\/","og_locale":"ca_ES","og_type":"article","og_title":"Av\u00eds Legal - Muriel C. Photography","og_description":"AV\u00cdS LEGAL &nbsp; DADES GENERALS D'acord amb l'article 10 de la Llei 34\/2002, d'11 de juliol, de Serveis de la Societat de la Informaci\u00f3 i de Comer\u00e7 Electr\u00f2nic posem a la vostra disposici\u00f3 les dades seg\u00fcents: El propietari es: Muriel C. De Jong NIF\/CIF: X0798809L El seu domicili social es troba al C\/Avets 13, 17250 [&hellip;]","og_url":"https:\/\/murielc.com\/ca\/avis-legal\/","og_site_name":"Muriel C. Photography","article_modified_time":"2023-06-07T13:17:11+00:00","twitter_card":"summary_large_image","twitter_misc":{"Temps estimat de lectura":"7 minuts"},"schema":{"@context":"https:\/\/schema.org","@graph":[{"@type":"WebPage","@id":"https:\/\/murielc.com\/ca\/avis-legal\/","url":"https:\/\/murielc.com\/ca\/avis-legal\/","name":"Av\u00eds Legal - Muriel C. Photography","isPartOf":{"@id":"https:\/\/murielc.com\/ca\/#website"},"datePublished":"2023-06-07T13:17:10+00:00","dateModified":"2023-06-07T13:17:11+00:00","breadcrumb":{"@id":"https:\/\/murielc.com\/ca\/avis-legal\/#breadcrumb"},"inLanguage":"ca","potentialAction":[{"@type":"ReadAction","target":["https:\/\/murielc.com\/ca\/avis-legal\/"]}]},{"@type":"BreadcrumbList","@id":"https:\/\/murielc.com\/ca\/avis-legal\/#breadcrumb","itemListElement":[{"@type":"ListItem","position":1,"name":"Home","item":"https:\/\/murielc.com\/ca\/inici\/"},{"@type":"ListItem","position":2,"name":"Av\u00eds Legal"}]},{"@type":"WebSite","@id":"https:\/\/murielc.com\/ca\/#website","url":"https:\/\/murielc.com\/ca\/","name":"Muriel C. Photography","description":"Fotografia publicitaria, gastron\u00f3mica, de arquitectura e interiorismo en Girona","publisher":{"@id":"https:\/\/murielc.com\/ca\/#organization"},"potentialAction":[{"@type":"SearchAction","target":{"@type":"EntryPoint","urlTemplate":"https:\/\/murielc.com\/ca\/?s={search_term_string}"},"query-input":{"@type":"PropertyValueSpecification","valueRequired":true,"valueName":"search_term_string"}}],"inLanguage":"ca"},{"@type":"Organization","@id":"https:\/\/murielc.com\/ca\/#organization","name":"Muriel C. Photography","url":"https:\/\/murielc.com\/ca\/","logo":{"@type":"ImageObject","inLanguage":"ca","@id":"https:\/\/murielc.com\/ca\/#\/schema\/logo\/image\/","url":"https:\/\/murielc.com\/wp-content\/uploads\/2020\/05\/MCnewlogo_2017-1.png","contentUrl":"https:\/\/murielc.com\/wp-content\/uploads\/2020\/05\/MCnewlogo_2017-1.png","width":799,"height":321,"caption":"Muriel C. Photography"},"image":{"@id":"https:\/\/murielc.com\/ca\/#\/schema\/logo\/image\/"},"sameAs":["https:\/\/www.instagram.com\/solomulala\/","https:\/\/www.linkedin.com\/in\/murieldj\/"]}]}},"_links":{"self":[{"href":"https:\/\/murielc.com\/ca\/wp-json\/wp\/v2\/pages\/7850","targetHints":{"allow":["GET"]}}],"collection":[{"href":"https:\/\/murielc.com\/ca\/wp-json\/wp\/v2\/pages"}],"about":[{"href":"https:\/\/murielc.com\/ca\/wp-json\/wp\/v2\/types\/page"}],"author":[{"embeddable":true,"href":"https:\/\/murielc.com\/ca\/wp-json\/wp\/v2\/users\/4"}],"replies":[{"embeddable":true,"href":"https:\/\/murielc.com\/ca\/wp-json\/wp\/v2\/comments?post=7850"}],"version-history":[{"count":2,"href":"https:\/\/murielc.com\/ca\/wp-json\/wp\/v2\/pages\/7850\/revisions"}],"predecessor-version":[{"id":7852,"href":"https:\/\/murielc.com\/ca\/wp-json\/wp\/v2\/pages\/7850\/revisions\/7852"}],"wp:attachment":[{"href":"https:\/\/murielc.com\/ca\/wp-json\/wp\/v2\/media?parent=7850"}],"curies":[{"name":"wp","href":"https:\/\/api.w.org\/{rel}","templated":true}]}}